{"id":15794,"date":"2020-02-03T16:31:46","date_gmt":"2020-02-03T15:31:46","guid":{"rendered":"https:\/\/www.ville-celles-sur-belle.com\/?page_id=15794"},"modified":"2025-05-21T12:00:04","modified_gmt":"2025-05-21T10:00:04","slug":"prevention-et-securite","status":"publish","type":"page","link":"https:\/\/www.ville-celles-sur-belle.com\/en\/vie-municipale\/prevention-et-securite\/","title":{"rendered":"Pr\u00e9vention et s\u00e9curit\u00e9"},"content":{"rendered":"<div id=\"banniere_contenu\" class=\"wpb_row vc_row-fluid full-width-section section  section-no-parallax  stretch\" data-speed=\"1\" style=\"\"><div class=\"col span_12 color-dark left\">\n\t<div class=\"vc_col-sm-12 wpb_column column_container col no-padding color-dark\" style=\"\" data-animation=\"\" data-delay=\"\">\n\t\t<div class=\"wpb_wrapper\">\n\t\t\t<div class=\"single_image wpb_content_element align-left\" data-animation=\"none\" data-delay=\"0\"><img width=\"2304\" height=\"912\" src=\"https:\/\/www.ville-celles-sur-belle.com\/wp-content\/uploads\/2020\/01\/slide1.jpg\" class=\"attachment-full\" alt=\"\" loading=\"lazy\" srcset=\"https:\/\/www.ville-celles-sur-belle.com\/wp-content\/uploads\/2020\/01\/slide1.jpg 2304w, https:\/\/www.ville-celles-sur-belle.com\/wp-content\/uploads\/2020\/01\/slide1-300x119.jpg 300w, https:\/\/www.ville-celles-sur-belle.com\/wp-content\/uploads\/2020\/01\/slide1-1024x405.jpg 1024w, https:\/\/www.ville-celles-sur-belle.com\/wp-content\/uploads\/2020\/01\/slide1-768x304.jpg 768w, https:\/\/www.ville-celles-sur-belle.com\/wp-content\/uploads\/2020\/01\/slide1-1536x608.jpg 1536w, https:\/\/www.ville-celles-sur-belle.com\/wp-content\/uploads\/2020\/01\/slide1-2048x811.jpg 2048w\" sizes=\"(max-width: 2304px) 100vw, 2304px\" \/><\/div>\n\t\t<\/div> \n\t<\/div> \n<\/div><\/div><div  class=\"wpb_row vc_row-fluid standard-section section  section-no-parallax  stretch\" data-speed=\"1\" style=\"padding-top: 50px; \"><div class=\"col span_12 color-dark left\">\n\t<div class=\"vc_col-sm-3 wpb_column column_container col no-padding color-dark\" style=\"\" data-animation=\"\" data-delay=\"\">\n\t\t<div class=\"wpb_wrapper\">\n\t\t\t<div class=\"single_image wpb_content_element align-left\" data-animation=\"none\" data-delay=\"0\"><img width=\"900\" height=\"628\" src=\"https:\/\/www.ville-celles-sur-belle.com\/wp-content\/uploads\/2025\/05\/personnes-vulnerables.jpg\" class=\"attachment-full\" alt=\"\" loading=\"lazy\" srcset=\"https:\/\/www.ville-celles-sur-belle.com\/wp-content\/uploads\/2025\/05\/personnes-vulnerables.jpg 900w, https:\/\/www.ville-celles-sur-belle.com\/wp-content\/uploads\/2025\/05\/personnes-vulnerables-300x209.jpg 300w, https:\/\/www.ville-celles-sur-belle.com\/wp-content\/uploads\/2025\/05\/personnes-vulnerables-768x536.jpg 768w, https:\/\/www.ville-celles-sur-belle.com\/wp-content\/uploads\/2025\/05\/personnes-vulnerables-18x12.jpg 18w\" sizes=\"(max-width: 900px) 100vw, 900px\" \/><\/div>\n\t\t<\/div> \n\t<\/div> \n\n\t<div class=\"vc_col-sm-9 wpb_column column_container col no-padding color-dark\" style=\"\" data-animation=\"\" data-delay=\"\">\n\t\t<div class=\"wpb_wrapper\">\n\t\t\t\n\t<div class=\"wpb_text_column wpb_content_element\" >\n\t\t<div class=\"wpb_wrapper\">\n\t\t\t<h3>RECENSEMENT DES PERSONNES VULN\u00c9RABLES<\/h3>\n\n\t\t<\/div>\n\t<\/div>\n\n\t<div class=\"wpb_text_column wpb_content_element\" >\n\t\t<div class=\"wpb_wrapper\">\n\t\t\t<p>Si vous connaissez des personnes ayant des difficult\u00e9s de mobilit\u00e9 ou des personnes fragiles, merci de les inviter \u00e0 <strong>se faire conna\u00eetre aupr\u00e8s de la mairie<\/strong> afin qu&rsquo;elles soient contact\u00e9es en cas de crise (\u00e9pid\u00e9mie, canicule, etc) :<br \/>\n05 49 79 80 17 ou <a href=\"mailto:social@villecellessurbelle.fr\">social@villecellessurbelle.fr<\/a><\/p>\n<p>Les personnes, r\u00e9sidant \u00e0 leur domicile, et rentrant dans les trois cat\u00e9gories \u00e9num\u00e9r\u00e9es ci-dessous peuvent \u00e9galement se faire conna\u00eetre :<\/p>\n<ul>\n<li>les personnes \u00e2g\u00e9es de 65 ans et plus,<\/li>\n<li>les personnes \u00e2g\u00e9es de plus de 60 ans reconnues inaptes au travail,<\/li>\n<li>les personnes handicap\u00e9es.<\/li>\n<\/ul>\n\n\t\t<\/div>\n\t<\/div>\n\n\t\t<\/div> \n\t<\/div> \n<\/div><\/div><div  class=\"wpb_row vc_row-fluid standard-section section  section-no-parallax  stretch\" data-speed=\"1\" style=\"padding-top: 100px; \"><div class=\"col span_12 color-dark left\">\n\t<div class=\"vc_col-sm-3 wpb_column column_container col no-padding color-dark\" style=\"\" data-animation=\"\" data-delay=\"\">\n\t\t<div class=\"wpb_wrapper\">\n\t\t\t<div class=\"single_image wpb_content_element align-left\" data-animation=\"none\" data-delay=\"0\"><img width=\"1074\" height=\"1035\" src=\"https:\/\/www.ville-celles-sur-belle.com\/wp-content\/uploads\/2025\/05\/dicrim.png\" class=\"attachment-full\" alt=\"\" loading=\"lazy\" srcset=\"https:\/\/www.ville-celles-sur-belle.com\/wp-content\/uploads\/2025\/05\/dicrim.png 1074w, https:\/\/www.ville-celles-sur-belle.com\/wp-content\/uploads\/2025\/05\/dicrim-300x289.png 300w, https:\/\/www.ville-celles-sur-belle.com\/wp-content\/uploads\/2025\/05\/dicrim-1024x987.png 1024w, https:\/\/www.ville-celles-sur-belle.com\/wp-content\/uploads\/2025\/05\/dicrim-768x740.png 768w, https:\/\/www.ville-celles-sur-belle.com\/wp-content\/uploads\/2025\/05\/dicrim-12x12.png 12w\" sizes=\"(max-width: 1074px) 100vw, 1074px\" \/><\/div>\n\t\t<\/div> \n\t<\/div> \n\n\t<div class=\"vc_col-sm-9 wpb_column column_container col no-padding color-dark\" style=\"\" data-animation=\"\" data-delay=\"\">\n\t\t<div class=\"wpb_wrapper\">\n\t\t\t\n\t<div class=\"wpb_text_column wpb_content_element\" >\n\t\t<div class=\"wpb_wrapper\">\n\t\t\t<h3>D.I.C.R.I.M<\/h3>\n\n\t\t<\/div>\n\t<\/div>\n\n\t<div class=\"wpb_text_column wpb_content_element\" >\n\t\t<div class=\"wpb_wrapper\">\n\t\t\t<p>L\u2019<strong>article L. 125-2<\/strong> du code de l\u2019Environnement stipule que \u00ab\u00a0<em>le citoyen a le droit \u00e0 l\u2019information sur les risques qu\u2019il encourt et sur les mesures de sauvegarde pour s\u2019en prot\u00e9ger<\/em>\u00a0\u00bb.<\/p>\n<p>Par cons\u00e9quent, dans un souci d\u2019information et de pr\u00e9vention, la commune a \u00e9labor\u00e9 un <strong>Document d\u2019Information Communal sur les risques majeurs<\/strong> (D.I.C.R.I.M.) dont l\u2019objet est de\u00a0:<\/p>\n<ul>\n<li>Recenser les risques majeurs auxquels notre commune peut \u00eatre confront\u00e9e,<\/li>\n<li>Expliquer les conditions dans lesquelles l\u2019alerte est apport\u00e9e \u00e0 la population,<\/li>\n<li>Pr\u00e9ciser pour chacun des risques, les conseils de comportement et les mesures \u00e0 prendre.<\/li>\n<\/ul>\n\n\t\t<\/div>\n\t<\/div>\n<a href=\"https:\/\/www.ville-celles-sur-belle.com\/wp-content\/uploads\/2020\/04\/dicrim-Celles-sur-Belle.pdf\" target=\"_blank\" class=\"button color-1 small\" style=\"border-radius: 2px;\">Consulter le document<\/a>\n\t\t<\/div> \n\t<\/div> \n<\/div><\/div><div  class=\"wpb_row vc_row-fluid standard-section section  section-no-parallax  stretch\" data-speed=\"1\" style=\"padding-top: 100px; \"><div class=\"col span_12 color-dark left\">\n\t<div class=\"vc_col-sm-3 wpb_column column_container col no-padding color-dark\" style=\"\" data-animation=\"\" data-delay=\"\">\n\t\t<div class=\"wpb_wrapper\">\n\t\t\t<div class=\"single_image wpb_content_element align-left\" data-animation=\"none\" data-delay=\"0\"><img width=\"258\" height=\"195\" src=\"https:\/\/www.ville-celles-sur-belle.com\/wp-content\/uploads\/2025\/05\/pcs.png\" class=\"attachment-full\" alt=\"\" loading=\"lazy\" srcset=\"https:\/\/www.ville-celles-sur-belle.com\/wp-content\/uploads\/2025\/05\/pcs.png 258w, https:\/\/www.ville-celles-sur-belle.com\/wp-content\/uploads\/2025\/05\/pcs-16x12.png 16w\" sizes=\"(max-width: 258px) 100vw, 258px\" \/><\/div>\n\t\t<\/div> \n\t<\/div> \n\n\t<div class=\"vc_col-sm-9 wpb_column column_container col no-padding color-dark\" style=\"\" data-animation=\"\" data-delay=\"\">\n\t\t<div class=\"wpb_wrapper\">\n\t\t\t\n\t<div class=\"wpb_text_column wpb_content_element\" >\n\t\t<div class=\"wpb_wrapper\">\n\t\t\t<h3>Plan Communal de Sauvegarde<\/h3>\n\n\t\t<\/div>\n\t<\/div>\n\n\t<div class=\"wpb_text_column wpb_content_element\" >\n\t\t<div class=\"wpb_wrapper\">\n\t\t\t<p>La <strong>loi n\u00b0 2021-15290<\/strong> du 25 novembre 2021 vient \u00e0 r\u00e9viser le champ d\u2019application des plans communaux et intercommunaux de sauvegarde.<br \/>\nAinsi, l\u2019<strong>article L. 731-3<\/strong> du code de la s\u00e9curit\u00e9 int\u00e9rieure rend obligatoire l\u2019\u00e9laboration d\u2019un plan communal de sauvegarde pour les communes dont le territoire est compris dans le champ d\u2019application de certains risques.<br \/>\nLa commune de Celles-sur-Belle est d\u00e9sormais soumise \u00e0 l\u2019obligation d\u2019un PCS au titre du risque sismique de niveau 3. Ainsi le Maire doit mettre en place toutes les mesures de pr\u00e9vention et de protection n\u00e9cessaires pour garantir la s\u00e9curit\u00e9 de ses concitoyens en accord avec ses pouvoirs de police.<\/p>\n\n\t\t<\/div>\n\t<\/div>\n<a href=\"https:\/\/www.ville-celles-sur-belle.com\/wp-content\/uploads\/2025\/05\/PCS-simplifie.pdf\" target=\"_blank\" class=\"button color-1 small\" style=\"border-radius: 2px;\">Consulter le document<\/a>\n\t\t<\/div> \n\t<\/div> \n<\/div><\/div><div  class=\"wpb_row vc_row-fluid standard-section section  section-no-parallax  stretch\" data-speed=\"1\" style=\"padding-top: 100px; \"><div class=\"col span_12 color-dark left\">\n\t<div class=\"vc_col-sm-6 wpb_column column_container col no-padding color-dark\" style=\"\" data-animation=\"\" data-delay=\"\">\n\t\t<div class=\"wpb_wrapper\">\n\t\t\t\n\t<div class=\"wpb_text_column wpb_content_element\" >\n\t\t<div class=\"wpb_wrapper\">\n\t\t\t<h3>Voisins vigilants<\/h3>\n\n\t\t<\/div>\n\t<\/div>\n\n\t<div class=\"wpb_text_column wpb_content_element\" >\n\t\t<div class=\"wpb_wrapper\">\n\t\t\t<p>La s\u00e9curit\u00e9 de nos citoyens de tous \u00e2ges est l\u2019une de nos pr\u00e9occupations majeures. En int\u00e9grant le dispositif <strong>participation citoyenne<\/strong> la commune de Celles-sur-Belle souhaite agir de fa\u00e7on collective et responsable.<\/p>\n<p>Ce dispositif est une r\u00e9ponse efficace pour pr\u00e9venir les cambriolages et autres incivilit\u00e9s tout en faisant jouer la convivialit\u00e9 et la solidarit\u00e9 entre voisins. Il ne s&rsquo;agit pas d&rsquo;exercer une surveillance accrue ou d&rsquo;encourager un quelconque espionnage des uns envers les autres.<br \/>\n\u00ab Les voisins vigilants ne surveillent pas, ils veillent. \u00bb<\/p>\n<p>Le dispositif met en relation les voisins gr\u00e2ce \u00e0 des outils num\u00e9riques d\u00e9di\u00e9s et accessibles \u00e0 chaque voisin vigilant. L&rsquo;objectif est de favoriser une meilleure communication, notamment pour pr\u00e9venir de d\u00e9parts en vacances et alerter sur des \u00e9ventuels comportements suspects.<\/p>\n\n\t\t<\/div>\n\t<\/div>\n\n\t\t<\/div> \n\t<\/div> \n\n\t<div class=\"vc_col-sm-6 wpb_column column_container col no-padding color-dark\" style=\"\" data-animation=\"\" data-delay=\"\">\n\t\t<div class=\"wpb_wrapper\">\n\t\t\t<div class=\"spacer\" style=\"height: 50px;\"><\/div><div class=\"single_image wpb_content_element align-left\" data-animation=\"none\" data-delay=\"0\"><img width=\"800\" height=\"512\" src=\"https:\/\/www.ville-celles-sur-belle.com\/wp-content\/uploads\/2020\/04\/photos-participation-citoyenne.jpg\" class=\"attachment-full\" alt=\"\" loading=\"lazy\" srcset=\"https:\/\/www.ville-celles-sur-belle.com\/wp-content\/uploads\/2020\/04\/photos-participation-citoyenne.jpg 800w, https:\/\/www.ville-celles-sur-belle.com\/wp-content\/uploads\/2020\/04\/photos-participation-citoyenne-300x192.jpg 300w, https:\/\/www.ville-celles-sur-belle.com\/wp-content\/uploads\/2020\/04\/photos-participation-citoyenne-768x492.jpg 768w\" sizes=\"(max-width: 800px) 100vw, 800px\" \/><\/div>\n\t\t<\/div> \n\t<\/div> \n<\/div><\/div>","protected":false},"excerpt":{"rendered":"RECENSEMENT DES PERSONNES VULN\u00c9RABLES Si vous connaissez des personnes ayant des difficult\u00e9s de mobilit\u00e9 ou des personnes fragiles, merci de les inviter \u00e0 se faire conna\u00eetre aupr\u00e8s de la mairie afin qu'elles soient contact\u00e9es en cas de crise (\u00e9pid\u00e9mie, canicule, etc) : 05 49 79 80 17 ou social@villecellessurbelle.fr Les personnes, r\u00e9sidant \u00e0 leur domicile, et rentrant dans les trois cat\u00e9gories \u00e9num\u00e9r\u00e9es ci-dessous peuvent \u00e9galement se faire conna\u00eetre : les personnes \u00e2g\u00e9es de 65 ans et plus, les personnes \u00e2g\u00e9es de plus de 60 ans reconnues inaptes au travail, les personnes handicap\u00e9es. D.I.C.R.I.M L\u2019article L. 125-2 du code de l\u2019Environnement stipule que \u00ab\u00a0le citoyen a le droit \u00e0 l\u2019information sur les risques qu\u2019il encourt et sur les mesures de sauvegarde pour s\u2019en prot\u00e9ger\u00a0\u00bb. Par cons\u00e9quent, dans un souci d\u2019information et de pr\u00e9vention, la commune a \u00e9labor\u00e9 un Document d\u2019Information Communal sur les risques majeurs (D.I.C.R.I.M.) dont l\u2019objet est de\u00a0: Recenser les risques majeurs auxquels notre commune peut \u00eatre confront\u00e9e, Expliquer les conditions dans lesquelles l\u2019alerte est apport\u00e9e \u00e0 la population, Pr\u00e9ciser pour chacun des risques, les conseils de comportement et les mesures \u00e0 prendre. Consulter le document Plan Communal de Sauvegarde La loi n\u00b0 2021-15290 du 25 novembre 2021 vient [...]","protected":false},"author":4,"featured_media":0,"parent":15668,"menu_order":0,"comment_status":"closed","ping_status":"closed","template":"","meta":[],"yoast_head":"<!-- This site is optimized with the Yoast SEO plugin v17.0 - https:\/\/yoast.com\/wordpress\/plugins\/seo\/ -->\n<title>Pr\u00e9vention et s\u00e9curit\u00e9 - Mairie de Celles-sur-Belle<\/title>\n<meta name=\"robots\" content=\"index, follow, max-snippet:-1, max-image-preview:large, max-video-preview:-1\" \/>\n<link rel=\"canonical\" href=\"https:\/\/www.ville-celles-sur-belle.com\/en\/vie-municipale\/prevention-et-securite\/\" \/>\n<meta property=\"og:locale\" content=\"en_GB\" \/>\n<meta property=\"og:type\" content=\"article\" \/>\n<meta property=\"og:title\" content=\"Pr\u00e9vention et s\u00e9curit\u00e9 - Mairie de Celles-sur-Belle\" \/>\n<meta property=\"og:url\" content=\"https:\/\/www.ville-celles-sur-belle.com\/en\/vie-municipale\/prevention-et-securite\/\" \/>\n<meta property=\"og:site_name\" content=\"Mairie de Celles-sur-Belle\" \/>\n<meta property=\"article:modified_time\" content=\"2025-05-21T10:00:04+00:00\" \/>\n<meta name=\"twitter:card\" content=\"summary_large_image\" \/>\n<meta name=\"twitter:label1\" content=\"Estimated reading time\" \/>\n\t<meta name=\"twitter:data1\" content=\"2 minutes\" \/>\n<script type=\"application\/ld+json\" class=\"yoast-schema-graph\">{\"@context\":\"https:\/\/schema.org\",\"@graph\":[{\"@type\":\"WebSite\",\"@id\":\"https:\/\/www.ville-celles-sur-belle.com\/#website\",\"url\":\"https:\/\/www.ville-celles-sur-belle.com\/\",\"name\":\"Mairie de Celles-sur-Belle\",\"description\":\"Belle \\u00e0 investir\",\"potentialAction\":[{\"@type\":\"SearchAction\",\"target\":{\"@type\":\"EntryPoint\",\"urlTemplate\":\"https:\/\/www.ville-celles-sur-belle.com\/?s={search_term_string}\"},\"query-input\":\"required name=search_term_string\"}],\"inLanguage\":\"en-GB\"},{\"@type\":\"WebPage\",\"@id\":\"https:\/\/www.ville-celles-sur-belle.com\/vie-municipale\/prevention-et-securite\/#webpage\",\"url\":\"https:\/\/www.ville-celles-sur-belle.com\/vie-municipale\/prevention-et-securite\/\",\"name\":\"Pr\\u00e9vention et s\\u00e9curit\\u00e9 - Mairie de Celles-sur-Belle\",\"isPartOf\":{\"@id\":\"https:\/\/www.ville-celles-sur-belle.com\/#website\"},\"datePublished\":\"2020-02-03T15:31:46+00:00\",\"dateModified\":\"2025-05-21T10:00:04+00:00\",\"breadcrumb\":{\"@id\":\"https:\/\/www.ville-celles-sur-belle.com\/vie-municipale\/prevention-et-securite\/#breadcrumb\"},\"inLanguage\":\"en-GB\",\"potentialAction\":[{\"@type\":\"ReadAction\",\"target\":[\"https:\/\/www.ville-celles-sur-belle.com\/vie-municipale\/prevention-et-securite\/\"]}]},{\"@type\":\"BreadcrumbList\",\"@id\":\"https:\/\/www.ville-celles-sur-belle.com\/vie-municipale\/prevention-et-securite\/#breadcrumb\",\"itemListElement\":[{\"@type\":\"ListItem\",\"position\":1,\"name\":\"Accueil\",\"item\":\"https:\/\/www.ville-celles-sur-belle.com\/\"},{\"@type\":\"ListItem\",\"position\":2,\"name\":\"Vie municipale\",\"item\":\"https:\/\/www.ville-celles-sur-belle.com\/vie-municipale\/\"},{\"@type\":\"ListItem\",\"position\":3,\"name\":\"Pr\\u00e9vention et s\\u00e9curit\\u00e9\"}]}]}<\/script>\n<!-- \/ Yoast SEO plugin. -->","yoast_head_json":{"title":"Pr\u00e9vention et s\u00e9curit\u00e9 - Mairie de Celles-sur-Belle","robots":{"index":"index","follow":"follow","max-snippet":"max-snippet:-1","max-image-preview":"max-image-preview:large","max-video-preview":"max-video-preview:-1"},"canonical":"https:\/\/www.ville-celles-sur-belle.com\/en\/vie-municipale\/prevention-et-securite\/","og_locale":"en_GB","og_type":"article","og_title":"Pr\u00e9vention et s\u00e9curit\u00e9 - Mairie de Celles-sur-Belle","og_url":"https:\/\/www.ville-celles-sur-belle.com\/en\/vie-municipale\/prevention-et-securite\/","og_site_name":"Mairie de Celles-sur-Belle","article_modified_time":"2025-05-21T10:00:04+00:00","twitter_card":"summary_large_image","twitter_misc":{"Estimated reading time":"2 minutes"},"schema":{"@context":"https:\/\/schema.org","@graph":[{"@type":"WebSite","@id":"https:\/\/www.ville-celles-sur-belle.com\/#website","url":"https:\/\/www.ville-celles-sur-belle.com\/","name":"Mairie de Celles-sur-Belle","description":"Belle \u00e0 investir","potentialAction":[{"@type":"SearchAction","target":{"@type":"EntryPoint","urlTemplate":"https:\/\/www.ville-celles-sur-belle.com\/?s={search_term_string}"},"query-input":"required name=search_term_string"}],"inLanguage":"en-GB"},{"@type":"WebPage","@id":"https:\/\/www.ville-celles-sur-belle.com\/vie-municipale\/prevention-et-securite\/#webpage","url":"https:\/\/www.ville-celles-sur-belle.com\/vie-municipale\/prevention-et-securite\/","name":"Pr\u00e9vention et s\u00e9curit\u00e9 - Mairie de Celles-sur-Belle","isPartOf":{"@id":"https:\/\/www.ville-celles-sur-belle.com\/#website"},"datePublished":"2020-02-03T15:31:46+00:00","dateModified":"2025-05-21T10:00:04+00:00","breadcrumb":{"@id":"https:\/\/www.ville-celles-sur-belle.com\/vie-municipale\/prevention-et-securite\/#breadcrumb"},"inLanguage":"en-GB","potentialAction":[{"@type":"ReadAction","target":["https:\/\/www.ville-celles-sur-belle.com\/vie-municipale\/prevention-et-securite\/"]}]},{"@type":"BreadcrumbList","@id":"https:\/\/www.ville-celles-sur-belle.com\/vie-municipale\/prevention-et-securite\/#breadcrumb","itemListElement":[{"@type":"ListItem","position":1,"name":"Accueil","item":"https:\/\/www.ville-celles-sur-belle.com\/"},{"@type":"ListItem","position":2,"name":"Vie municipale","item":"https:\/\/www.ville-celles-sur-belle.com\/vie-municipale\/"},{"@type":"ListItem","position":3,"name":"Pr\u00e9vention et s\u00e9curit\u00e9"}]}]}},"_links":{"self":[{"href":"https:\/\/www.ville-celles-sur-belle.com\/en\/wp-json\/wp\/v2\/pages\/15794"}],"collection":[{"href":"https:\/\/www.ville-celles-sur-belle.com\/en\/wp-json\/wp\/v2\/pages"}],"about":[{"href":"https:\/\/www.ville-celles-sur-belle.com\/en\/wp-json\/wp\/v2\/types\/page"}],"author":[{"embeddable":true,"href":"https:\/\/www.ville-celles-sur-belle.com\/en\/wp-json\/wp\/v2\/users\/4"}],"replies":[{"embeddable":true,"href":"https:\/\/www.ville-celles-sur-belle.com\/en\/wp-json\/wp\/v2\/comments?post=15794"}],"version-history":[{"count":22,"href":"https:\/\/www.ville-celles-sur-belle.com\/en\/wp-json\/wp\/v2\/pages\/15794\/revisions"}],"predecessor-version":[{"id":20326,"href":"https:\/\/www.ville-celles-sur-belle.com\/en\/wp-json\/wp\/v2\/pages\/15794\/revisions\/20326"}],"up":[{"embeddable":true,"href":"https:\/\/www.ville-celles-sur-belle.com\/en\/wp-json\/wp\/v2\/pages\/15668"}],"wp:attachment":[{"href":"https:\/\/www.ville-celles-sur-belle.com\/en\/wp-json\/wp\/v2\/media?parent=15794"}],"curies":[{"name":"wp","href":"https:\/\/api.w.org\/{rel}","templated":true}]}}