{"id":15887,"date":"2020-02-03T16:51:24","date_gmt":"2020-02-03T15:51:24","guid":{"rendered":"https:\/\/www.ville-celles-sur-belle.com\/?page_id=15887"},"modified":"2025-11-13T11:09:22","modified_gmt":"2025-11-13T10:09:22","slug":"hebergements-gites","status":"publish","type":"page","link":"https:\/\/www.ville-celles-sur-belle.com\/en\/tourisme-et-patrimoine\/hebergements-gites\/","title":{"rendered":"H\u00e9bergements \/ G\u00eetes"},"content":{"rendered":"<div id=\"banniere_contenu\" class=\"wpb_row vc_row-fluid full-width-section section  section-no-parallax  stretch\" data-speed=\"1\" style=\"\"><div class=\"col span_12 color-dark left\">\n\t<div class=\"vc_col-sm-12 wpb_column column_container col no-padding color-dark\" style=\"\" data-animation=\"\" data-delay=\"\">\n\t\t<div class=\"wpb_wrapper\">\n\t\t\t<div class=\"single_image wpb_content_element align-left\" data-animation=\"none\" data-delay=\"0\"><img width=\"2304\" height=\"912\" src=\"https:\/\/www.ville-celles-sur-belle.com\/wp-content\/uploads\/2020\/01\/slide1.jpg\" class=\"attachment-full\" alt=\"\" loading=\"lazy\" srcset=\"https:\/\/www.ville-celles-sur-belle.com\/wp-content\/uploads\/2020\/01\/slide1.jpg 2304w, https:\/\/www.ville-celles-sur-belle.com\/wp-content\/uploads\/2020\/01\/slide1-300x119.jpg 300w, https:\/\/www.ville-celles-sur-belle.com\/wp-content\/uploads\/2020\/01\/slide1-1024x405.jpg 1024w, https:\/\/www.ville-celles-sur-belle.com\/wp-content\/uploads\/2020\/01\/slide1-768x304.jpg 768w, https:\/\/www.ville-celles-sur-belle.com\/wp-content\/uploads\/2020\/01\/slide1-1536x608.jpg 1536w, https:\/\/www.ville-celles-sur-belle.com\/wp-content\/uploads\/2020\/01\/slide1-2048x811.jpg 2048w\" sizes=\"(max-width: 2304px) 100vw, 2304px\" \/><\/div>\n\t\t<\/div> \n\t<\/div> \n<\/div><\/div><div  class=\"wpb_row vc_row-fluid standard-section section  section-no-parallax  stretch\" data-speed=\"1\" style=\"padding-top: 30px; \"><div class=\"col span_12 color-dark left\">\n\t<div class=\"vc_col-sm-8 wpb_column column_container col no-padding color-dark\" style=\"\" data-animation=\"\" data-delay=\"\">\n\t\t<div class=\"wpb_wrapper\">\n\t\t\t\n\t<div class=\"wpb_text_column wpb_content_element\" >\n\t\t<div class=\"wpb_wrapper\">\n\t\t\t<h3>S\u00e9journer \u00e0 Celles-sur-Belle<\/h3>\n<p>Lors de votre venue, vous disposerez de restaurants et de divers h\u00e9bergements qui vous permettront de passer un agr\u00e9able s\u00e9jour sur notre belle commune.<\/p>\n<p>Pour plus d&rsquo;informations, contactez l&rsquo;<strong>Office de tourisme du Pays Mellois<\/strong>.<\/p>\n<p>T\u00e9l : 05 49 29 15 10<br \/>\n<a href=\"mailto:officedetourisme@paysmellois.org\">officedetourisme@paysmellois.org<\/a><\/p>\n\n\t\t<\/div>\n\t<\/div>\n\n\t\t<\/div> \n\t<\/div> \n\n\t<div class=\"vc_col-sm-4 wpb_column column_container col no-padding color-dark\" style=\"\" data-animation=\"\" data-delay=\"\">\n\t\t<div class=\"wpb_wrapper\">\n\t\t\t<div class=\"single_image wpb_content_element align-left\" data-animation=\"none\" data-delay=\"0\"><img width=\"239\" height=\"206\" src=\"https:\/\/www.ville-celles-sur-belle.com\/wp-content\/uploads\/2020\/03\/Capture-4.png\" class=\"attachment-full\" alt=\"\" loading=\"lazy\" \/><\/div><a href=\"https:\/\/decouvertes.paysmellois.org\/\" target=\"_blank\" class=\"button color-1 small\" style=\"border-radius: 2px;\">Consulter le site de l&rsquo;Office<\/a>\n\t\t<\/div> \n\t<\/div> \n<\/div><\/div><div  class=\"wpb_row vc_row-fluid standard-section section  section-no-parallax  stretch\" data-speed=\"1\" style=\"padding-top: 10px; \"><div class=\"col span_12 color-dark left\">\n\t<div class=\"vc_col-sm-12 wpb_column column_container col no-padding color-dark\" style=\"\" data-animation=\"\" data-delay=\"\">\n\t\t<div class=\"wpb_wrapper\">\n\t\t\t<div class=\"vc_tta-container\" data-vc-action=\"collapse\"><div class=\"vc_general vc_tta vc_tta-tabs vc_tta-color-grey vc_tta-style-classic vc_tta-shape-rounded vc_tta-spacing-1 vc_tta-tabs-position-top vc_tta-controls-align-left\"><div class=\"vc_tta-tabs-container\"><ul class=\"vc_tta-tabs-list\"><li class=\"vc_tta-tab vc_active\" data-vc-tab><a href=\"#1587497119519-c2e6adb2-7968\" data-vc-tabs data-vc-container=\".vc_tta\"><span class=\"vc_tta-title-text\">Chambre d'h\u00f4te<\/span><\/a><\/li><li class=\"vc_tta-tab\" data-vc-tab><a href=\"#1587497661549-38cf1044-2557\" data-vc-tabs data-vc-container=\".vc_tta\"><span class=\"vc_tta-title-text\">Meubl\u00e9 de tourisme<\/span><\/a><\/li><li class=\"vc_tta-tab\" data-vc-tab><a href=\"#1587497246596-e31a3524-855f\" data-vc-tabs data-vc-container=\".vc_tta\"><span class=\"vc_tta-title-text\">H\u00f4tel<\/span><\/a><\/li><\/ul><\/div><div class=\"vc_tta-panels-container\"><div class=\"vc_tta-panels\"><div class=\"vc_tta-panel vc_active\" id=\"1587497119519-c2e6adb2-7968\" data-vc-content=\".vc_tta-panel-body\"><div class=\"vc_tta-panel-heading\"><h4 class=\"vc_tta-panel-title\"><a href=\"#1587497119519-c2e6adb2-7968\" data-vc-accordion data-vc-container=\".vc_tta-container\"><span class=\"vc_tta-title-text\">Chambre d'h\u00f4te<\/span><\/a><\/h4><\/div><div class=\"vc_tta-panel-body\"><div class=\"vc_row wpb_row vc_inner vc_row-fluid\"><div class=\"wpb_column vc_column_container vc_col-sm-6\"><div class=\"vc_column-inner\"><div class=\"wpb_wrapper\">\n\t<div class=\"wpb_text_column wpb_content_element\" >\n\t\t<div class=\"wpb_wrapper\">\n\t\t\t<h3>La Groie l&rsquo;abb\u00e9<\/h3>\n<p><strong>V\u00e9ronique Villeneuve<\/strong><\/p>\n<p>Labellis\u00e9 \u00ab\u00a0G\u00eete de France\u00a0\u00bb, \u00ab\u00a0Chambre d&rsquo;h\u00f4te r\u00e9f\u00e9rence\u00a0\u00bb et adh\u00e9rent \u00e0 \u00ab\u00a0France Passion\u00a0\u00bb<\/p>\n<p><strong>Adresse :<\/strong> 4 La Groie l&rsquo;abb\u00e9, 79370 Celles-sur-Belle<\/p>\n\n\t\t<\/div>\n\t<\/div>\n<\/div><\/div><\/div><div class=\"wpb_column vc_column_container vc_col-sm-6\"><div class=\"vc_column-inner\"><div class=\"wpb_wrapper\"><div class=\"spacer\" style=\"height: 40px;\"><\/div>\n\t<div class=\"wpb_text_column wpb_content_element\" >\n\t\t<div class=\"wpb_wrapper\">\n\t\t\t<p>T\u00e9l : 05 49 75 81 93<\/p>\n<p><a href=\"mailto:la.groie.labbe@gmail.com\">la.groie.labbe@gmail.com<\/a><\/p>\n<p><a href=\"https:\/\/www.lagroielabbe.com\/\" target=\"_blank\" rel=\"noopener noreferrer\">Site Internet<\/a><\/p>\n\n\t\t<\/div>\n\t<\/div>\n<\/div><\/div><\/div><\/div><\/div><\/div><div class=\"vc_tta-panel\" id=\"1587497661549-38cf1044-2557\" data-vc-content=\".vc_tta-panel-body\"><div class=\"vc_tta-panel-heading\"><h4 class=\"vc_tta-panel-title\"><a href=\"#1587497661549-38cf1044-2557\" data-vc-accordion data-vc-container=\".vc_tta-container\"><span class=\"vc_tta-title-text\">Meubl\u00e9 de tourisme<\/span><\/a><\/h4><\/div><div class=\"vc_tta-panel-body\"><div class=\"vc_row wpb_row vc_inner vc_row-fluid\"><div class=\"wpb_column vc_column_container vc_col-sm-6\"><div class=\"vc_column-inner\"><div class=\"wpb_wrapper\">\n\t<div class=\"wpb_text_column wpb_content_element\" >\n\t\t<div class=\"wpb_wrapper\">\n\t\t\t<h3>La Groie l&rsquo;abb\u00e9<\/h3>\n<p><strong>V\u00e9ronique Villeneuve<\/strong><\/p>\n<p>Labellis\u00e9 \u00ab\u00a0G\u00eete de France\u00a0\u00bb et adh\u00e9rent \u00e0 \u00ab\u00a0France Passion\u00a0\u00bb<\/p>\n<p><strong>Adresse :<\/strong> 4 La Groie l&rsquo;abb\u00e9, 79370 Celles-sur-Belle<\/p>\n\n\t\t<\/div>\n\t<\/div>\n<\/div><\/div><\/div><div class=\"wpb_column vc_column_container vc_col-sm-6\"><div class=\"vc_column-inner\"><div class=\"wpb_wrapper\"><div class=\"spacer\" style=\"height: 40px;\"><\/div>\n\t<div class=\"wpb_text_column wpb_content_element\" >\n\t\t<div class=\"wpb_wrapper\">\n\t\t\t<p>T\u00e9l : 05 49 75 81 93<\/p>\n<p><a href=\"mailto:la.groie.labbe@gmail.com\">la.groie.labbe@gmail.com<\/a><\/p>\n<p><a href=\"https:\/\/www.lagroielabbe.com\/\" target=\"_blank\" rel=\"noopener noreferrer\">Site Internet<\/a><\/p>\n\n\t\t<\/div>\n\t<\/div>\n<\/div><\/div><\/div><\/div><div class=\"newdivider align-center\" style=\"border-bottom-style: dashed; border-color: #999999; border-bottom-width: 1px; margin-top: 30px; margin-bottom: 30px; width: 100%; \"><\/div><div class=\"clear\"><\/div><div class=\"vc_row wpb_row vc_inner vc_row-fluid\"><div class=\"wpb_column vc_column_container vc_col-sm-6\"><div class=\"vc_column-inner\"><div class=\"wpb_wrapper\">\n\t<div class=\"wpb_text_column wpb_content_element\" >\n\t\t<div class=\"wpb_wrapper\">\n\t\t\t<h3>G\u00eete La Ponne<\/h3>\n<p><strong>Annick PINEAU<\/strong><\/p>\n<p>Class\u00e9 3 \u00e9toiles et 3 \u00e9pis \u00ab\u00a0Gite de France\u00a0\u00bb, accueil toute l&rsquo;ann\u00e9e pour vacances ou d\u00e9placements professionnels<\/p>\n<p><strong>Adresse :<\/strong> 40 chemin des Platanes, Mortefond, 79370 Verrines-sous-Celles<\/p>\n\n\t\t<\/div>\n\t<\/div>\n<\/div><\/div><\/div><div class=\"wpb_column vc_column_container vc_col-sm-6\"><div class=\"vc_column-inner\"><div class=\"wpb_wrapper\"><div class=\"spacer\" style=\"height: 40px;\"><\/div>\n\t<div class=\"wpb_text_column wpb_content_element\" >\n\t\t<div class=\"wpb_wrapper\">\n\t\t\t<p>T\u00e9l. 06 84 40 12 36<\/p>\n<p><a href=\"mailto:gitelaponne@gmail.com\">gitelaponne@gmail.com<\/a><\/p>\n<p><a href=\"https:\/\/www.gitelaponne.com\/\" target=\"_blank\" rel=\"noopener noreferrer\">Site Internet<\/a><\/p>\n\n\t\t<\/div>\n\t<\/div>\n<\/div><\/div><\/div><\/div><div class=\"newdivider align-center\" style=\"border-bottom-style: dashed; border-color: #999999; border-bottom-width: 1px; margin-top: 30px; margin-bottom: 30px; width: 100%; \"><\/div><div class=\"clear\"><\/div><div class=\"vc_row wpb_row vc_inner vc_row-fluid\"><div class=\"wpb_column vc_column_container vc_col-sm-6\"><div class=\"vc_column-inner\"><div class=\"wpb_wrapper\">\n\t<div class=\"wpb_text_column wpb_content_element\" >\n\t\t<div class=\"wpb_wrapper\">\n\t\t\t<h3>G\u00eete de la Poterie<\/h3>\n<p>G\u00eete de France<\/p>\n<p><strong>Adresse :<\/strong> 7 all\u00e9e de la poterie, Les Chaumes, 79370 Saint-M\u00e9dard<\/p>\n\n\t\t<\/div>\n\t<\/div>\n<\/div><\/div><\/div><div class=\"wpb_column vc_column_container vc_col-sm-6\"><div class=\"vc_column-inner\"><div class=\"wpb_wrapper\">\n\t<div class=\"wpb_text_column wpb_content_element\" >\n\t\t<div class=\"wpb_wrapper\">\n\t\t\t<p>T\u00e9l.<\/p>\n\n\t\t<\/div>\n\t<\/div>\n<\/div><\/div><\/div><\/div><div class=\"newdivider align-center\" style=\"border-bottom-style: dashed; border-color: #999999; border-bottom-width: 1px; margin-top: 30px; margin-bottom: 30px; width: 100%; \"><\/div><div class=\"clear\"><\/div><div class=\"vc_row wpb_row vc_inner vc_row-fluid\"><div class=\"wpb_column vc_column_container vc_col-sm-6\"><div class=\"vc_column-inner\"><div class=\"wpb_wrapper\">\n\t<div class=\"wpb_text_column wpb_content_element\" >\n\t\t<div class=\"wpb_wrapper\">\n\t\t\t<h3>Logis de l&rsquo;Hostellerie<\/h3>\n<p>&nbsp;<\/p>\n<p><strong>Adresse :<\/strong> 56 rue \u00c9mile Verdon, 79370 Celles-sur-Belle<\/p>\n\n\t\t<\/div>\n\t<\/div>\n<\/div><\/div><\/div><div class=\"wpb_column vc_column_container vc_col-sm-6\"><div class=\"vc_column-inner\"><div class=\"wpb_wrapper\">\n\t<div class=\"wpb_text_column wpb_content_element\" >\n\t\t<div class=\"wpb_wrapper\">\n\t\t\t<p>T\u00e9l.<\/p>\n\n\t\t<\/div>\n\t<\/div>\n<\/div><\/div><\/div><\/div><div class=\"newdivider align-center\" style=\"border-bottom-style: dashed; border-color: #999999; border-bottom-width: 1px; margin-top: 30px; margin-bottom: 30px; width: 100%; \"><\/div><div class=\"clear\"><\/div><div class=\"vc_row wpb_row vc_inner vc_row-fluid\"><div class=\"wpb_column vc_column_container vc_col-sm-6\"><div class=\"vc_column-inner\"><div class=\"wpb_wrapper\">\n\t<div class=\"wpb_text_column wpb_content_element\" >\n\t\t<div class=\"wpb_wrapper\">\n\t\t\t<h3>Logis de Miser\u00e9<\/h3>\n<p>&nbsp;<\/p>\n<p><strong>Adresse :<\/strong> 25 route de Miser\u00e9, 79370 Celles-sur-Belle<\/p>\n\n\t\t<\/div>\n\t<\/div>\n<\/div><\/div><\/div><div class=\"wpb_column vc_column_container vc_col-sm-6\"><div class=\"vc_column-inner\"><div class=\"wpb_wrapper\">\n\t<div class=\"wpb_text_column wpb_content_element\" >\n\t\t<div class=\"wpb_wrapper\">\n\t\t\t<p>T\u00e9l.<\/p>\n\n\t\t<\/div>\n\t<\/div>\n<\/div><\/div><\/div><\/div><div class=\"newdivider align-center\" style=\"border-bottom-style: dashed; border-color: #999999; border-bottom-width: 1px; margin-top: 30px; margin-bottom: 30px; width: 100%; \"><\/div><div class=\"clear\"><\/div><div class=\"vc_row wpb_row vc_inner vc_row-fluid\"><div class=\"wpb_column vc_column_container vc_col-sm-6\"><div class=\"vc_column-inner\"><div class=\"wpb_wrapper\">\n\t<div class=\"wpb_text_column wpb_content_element\" >\n\t\t<div class=\"wpb_wrapper\">\n\t\t\t<h3>La Maison de L\u00e9on<\/h3>\n<p><strong>Jean-Luc LEHOUX<\/strong><\/p>\n<p>Maison individuelle, capacit\u00e9 de 6 personnes maximum, h\u00e9bergement class\u00e9 2 \u00e9toiles. Ouvert du 15 avril au 15 octobre.<\/p>\n<p><strong>Adresse :<\/strong> 3 impasse de la ferme, Montign\u00e9, 79370 Celles-sur-Belle<\/p>\n\n\t\t<\/div>\n\t<\/div>\n<\/div><\/div><\/div><div class=\"wpb_column vc_column_container vc_col-sm-6\"><div class=\"vc_column-inner\"><div class=\"wpb_wrapper\">\n\t<div class=\"wpb_text_column wpb_content_element\" >\n\t\t<div class=\"wpb_wrapper\">\n\t\t\t<p>T\u00e9l. 06 83 16 28 56<\/p>\n<p><a href=\"mailto:lamaisondeleon79370@gmail.com\">lamaisondeleon79370@gmail.com<\/a><\/p>\n<p><a href=\"https:\/\/www.lamaisondeleon.eu\/\" target=\"_blank\" rel=\"noopener\">Site Internet<\/a><\/p>\n\n\t\t<\/div>\n\t<\/div>\n<\/div><\/div><\/div><\/div><\/div><\/div><div class=\"vc_tta-panel\" id=\"1587497246596-e31a3524-855f\" data-vc-content=\".vc_tta-panel-body\"><div class=\"vc_tta-panel-heading\"><h4 class=\"vc_tta-panel-title\"><a href=\"#1587497246596-e31a3524-855f\" data-vc-accordion data-vc-container=\".vc_tta-container\"><span class=\"vc_tta-title-text\">H\u00f4tel<\/span><\/a><\/h4><\/div><div class=\"vc_tta-panel-body\"><div class=\"vc_row wpb_row vc_inner vc_row-fluid\"><div class=\"wpb_column vc_column_container vc_col-sm-6\"><div class=\"vc_column-inner\"><div class=\"wpb_wrapper\">\n\t<div class=\"wpb_text_column wpb_content_element\" >\n\t\t<div class=\"wpb_wrapper\">\n\t\t\t<h3>Hostellerie de l\u2019Abbaye<\/h3>\n<p>&nbsp;<\/p>\n<p><strong>Adresse :<\/strong> 1 Place des \u00c9poux Laurant, 79370 Celles-sur-Belle<\/p>\n\n\t\t<\/div>\n\t<\/div>\n<\/div><\/div><\/div><div class=\"wpb_column vc_column_container vc_col-sm-6\"><div class=\"vc_column-inner\"><div class=\"wpb_wrapper\">\n\t<div class=\"wpb_text_column wpb_content_element\" >\n\t\t<div class=\"wpb_wrapper\">\n\t\t\t<p>T\u00e9l.<\/p>\n\n\t\t<\/div>\n\t<\/div>\n<\/div><\/div><\/div><\/div><div class=\"newdivider align-center\" style=\"border-bottom-style: dashed; border-color: #999999; border-bottom-width: 1px; margin-top: 30px; margin-bottom: 30px; width: 100%; \"><\/div><div class=\"clear\"><\/div><\/div><\/div><\/div><\/div><\/div><\/div>\n\t\t<\/div> \n\t<\/div> \n<\/div><\/div><div  class=\"wpb_row vc_row-fluid standard-section section  section-no-parallax  stretch\" data-speed=\"1\" style=\"padding-top: 100px; \"><div class=\"col span_12 color-dark left\">\n\t<div class=\"vc_col-sm-4 wpb_column column_container col no-padding color-dark\" style=\"\" data-animation=\"\" data-delay=\"\">\n\t\t<div class=\"wpb_wrapper\">\n\t\t\t\n\t<div class=\"wpb_text_column wpb_content_element\" >\n\t\t<div class=\"wpb_wrapper\">\n\t\t\t<h3>Aire de camping-car<\/h3>\n<p>Gratuite, elle est situ\u00e9e dans le <strong>parc de la Boissi\u00e8re<\/strong>, pr\u00e8s de la mairie et de la piscine d&rsquo;\u00e9t\u00e9.<br \/>\nPour tout renseignement, contactez la mairie au 05 49 79 80 17<\/p>\n<p>Acc\u00e8s par la route de Chiz\u00e9, 79370 CELLES-SUR-BELLE<\/p>\n\n\t\t<\/div>\n\t<\/div>\n\n\t\t<\/div> \n\t<\/div> \n\n\t<div class=\"vc_col-sm-8 wpb_column column_container col no-padding color-dark\" style=\"\" data-animation=\"\" data-delay=\"\">\n\t\t<div class=\"wpb_wrapper\">\n\t\t\t<div class=\"flexslider wpb_content_element\"><ul class=\"slides\"><li><img src=\"https:\/\/www.ville-celles-sur-belle.com\/wp-content\/uploads\/2020\/04\/parc-boissiere-4.jpg\" alt=\"\" \/><\/li><li><img src=\"https:\/\/www.ville-celles-sur-belle.com\/wp-content\/uploads\/2020\/04\/Parc-boissiere.jpg\" alt=\"\" \/><\/li><li><img src=\"https:\/\/www.ville-celles-sur-belle.com\/wp-content\/uploads\/2020\/04\/parc-boissiere-3.jpg\" alt=\"\" \/><\/li><li><img src=\"https:\/\/www.ville-celles-sur-belle.com\/wp-content\/uploads\/2020\/04\/parc-boissiere-2.jpg\" alt=\"\" \/><\/li><\/ul><\/div>\n\t\t<\/div> \n\t<\/div> \n<\/div><\/div>","protected":false},"excerpt":{"rendered":"S\u00e9journer \u00e0 Celles-sur-Belle Lors de votre venue, vous disposerez de restaurants et de divers h\u00e9bergements qui vous permettront de passer un agr\u00e9able s\u00e9jour sur notre belle commune. Pour plus d'informations, contactez l'Office de tourisme du Pays Mellois. T\u00e9l : 05 49 29 15 10 officedetourisme@paysmellois.org Consulter le site de l'Office Chambre d'h\u00f4teMeubl\u00e9 de tourismeH\u00f4telChambre d'h\u00f4te La Groie l'abb\u00e9 V\u00e9ronique Villeneuve Labellis\u00e9 \"G\u00eete de France\", \"Chambre d'h\u00f4te r\u00e9f\u00e9rence\" et adh\u00e9rent \u00e0 \"France Passion\" Adresse : 4 La Groie l'abb\u00e9, 79370 Celles-sur-Belle T\u00e9l : 05 49 75 81 93 la.groie.labbe@gmail.com Site Internet Meubl\u00e9 de tourisme La Groie l'abb\u00e9 V\u00e9ronique Villeneuve Labellis\u00e9 \"G\u00eete de France\" et adh\u00e9rent \u00e0 \"France Passion\" Adresse : 4 La Groie l'abb\u00e9, 79370 Celles-sur-Belle T\u00e9l : 05 49 75 81 93 la.groie.labbe@gmail.com Site Internet G\u00eete La Ponne Annick PINEAU Class\u00e9 3 \u00e9toiles et 3 \u00e9pis \"Gite de France\", accueil toute l'ann\u00e9e pour vacances ou d\u00e9placements professionnels Adresse : 40 chemin des Platanes, Mortefond, 79370 Verrines-sous-Celles T\u00e9l. 06 84 40 12 36 gitelaponne@gmail.com Site Internet G\u00eete de la Poterie G\u00eete de France Adresse : 7 all\u00e9e de la poterie, Les Chaumes, 79370 Saint-M\u00e9dard T\u00e9l. Logis de l'Hostellerie &nbsp; Adresse : 56 rue \u00c9mile Verdon, 79370 Celles-sur-Belle T\u00e9l. Logis de Miser\u00e9 [...]","protected":false},"author":4,"featured_media":0,"parent":15669,"menu_order":0,"comment_status":"closed","ping_status":"closed","template":"","meta":[],"yoast_head":"<!-- This site is optimized with the Yoast SEO plugin v17.0 - https:\/\/yoast.com\/wordpress\/plugins\/seo\/ -->\n<title>H\u00e9bergements \/ G\u00eetes - Mairie de Celles-sur-Belle<\/title>\n<meta name=\"robots\" content=\"index, follow, max-snippet:-1, max-image-preview:large, max-video-preview:-1\" \/>\n<link rel=\"canonical\" href=\"https:\/\/www.ville-celles-sur-belle.com\/en\/tourisme-et-patrimoine\/hebergements-gites\/\" \/>\n<meta property=\"og:locale\" content=\"en_GB\" \/>\n<meta property=\"og:type\" content=\"article\" \/>\n<meta property=\"og:title\" content=\"H\u00e9bergements \/ G\u00eetes - Mairie de Celles-sur-Belle\" \/>\n<meta property=\"og:url\" content=\"https:\/\/www.ville-celles-sur-belle.com\/en\/tourisme-et-patrimoine\/hebergements-gites\/\" \/>\n<meta property=\"og:site_name\" content=\"Mairie de Celles-sur-Belle\" \/>\n<meta property=\"article:modified_time\" content=\"2025-11-13T10:09:22+00:00\" \/>\n<meta name=\"twitter:card\" content=\"summary_large_image\" \/>\n<meta name=\"twitter:label1\" content=\"Estimated reading time\" \/>\n\t<meta name=\"twitter:data1\" content=\"4 minutes\" \/>\n<script type=\"application\/ld+json\" class=\"yoast-schema-graph\">{\"@context\":\"https:\/\/schema.org\",\"@graph\":[{\"@type\":\"WebSite\",\"@id\":\"https:\/\/www.ville-celles-sur-belle.com\/#website\",\"url\":\"https:\/\/www.ville-celles-sur-belle.com\/\",\"name\":\"Mairie de Celles-sur-Belle\",\"description\":\"Belle \\u00e0 investir\",\"potentialAction\":[{\"@type\":\"SearchAction\",\"target\":{\"@type\":\"EntryPoint\",\"urlTemplate\":\"https:\/\/www.ville-celles-sur-belle.com\/?s={search_term_string}\"},\"query-input\":\"required name=search_term_string\"}],\"inLanguage\":\"en-GB\"},{\"@type\":\"WebPage\",\"@id\":\"https:\/\/www.ville-celles-sur-belle.com\/tourisme-et-patrimoine\/hebergements-gites\/#webpage\",\"url\":\"https:\/\/www.ville-celles-sur-belle.com\/tourisme-et-patrimoine\/hebergements-gites\/\",\"name\":\"H\\u00e9bergements \/ G\\u00eetes - Mairie de Celles-sur-Belle\",\"isPartOf\":{\"@id\":\"https:\/\/www.ville-celles-sur-belle.com\/#website\"},\"datePublished\":\"2020-02-03T15:51:24+00:00\",\"dateModified\":\"2025-11-13T10:09:22+00:00\",\"breadcrumb\":{\"@id\":\"https:\/\/www.ville-celles-sur-belle.com\/tourisme-et-patrimoine\/hebergements-gites\/#breadcrumb\"},\"inLanguage\":\"en-GB\",\"potentialAction\":[{\"@type\":\"ReadAction\",\"target\":[\"https:\/\/www.ville-celles-sur-belle.com\/tourisme-et-patrimoine\/hebergements-gites\/\"]}]},{\"@type\":\"BreadcrumbList\",\"@id\":\"https:\/\/www.ville-celles-sur-belle.com\/tourisme-et-patrimoine\/hebergements-gites\/#breadcrumb\",\"itemListElement\":[{\"@type\":\"ListItem\",\"position\":1,\"name\":\"Accueil\",\"item\":\"https:\/\/www.ville-celles-sur-belle.com\/\"},{\"@type\":\"ListItem\",\"position\":2,\"name\":\"Tourisme et Patrimoine\",\"item\":\"https:\/\/www.ville-celles-sur-belle.com\/tourisme-et-patrimoine\/\"},{\"@type\":\"ListItem\",\"position\":3,\"name\":\"H\\u00e9bergements \/ G\\u00eetes\"}]}]}<\/script>\n<!-- \/ Yoast SEO plugin. -->","yoast_head_json":{"title":"H\u00e9bergements \/ G\u00eetes - Mairie de Celles-sur-Belle","robots":{"index":"index","follow":"follow","max-snippet":"max-snippet:-1","max-image-preview":"max-image-preview:large","max-video-preview":"max-video-preview:-1"},"canonical":"https:\/\/www.ville-celles-sur-belle.com\/en\/tourisme-et-patrimoine\/hebergements-gites\/","og_locale":"en_GB","og_type":"article","og_title":"H\u00e9bergements \/ G\u00eetes - Mairie de Celles-sur-Belle","og_url":"https:\/\/www.ville-celles-sur-belle.com\/en\/tourisme-et-patrimoine\/hebergements-gites\/","og_site_name":"Mairie de Celles-sur-Belle","article_modified_time":"2025-11-13T10:09:22+00:00","twitter_card":"summary_large_image","twitter_misc":{"Estimated reading time":"4 minutes"},"schema":{"@context":"https:\/\/schema.org","@graph":[{"@type":"WebSite","@id":"https:\/\/www.ville-celles-sur-belle.com\/#website","url":"https:\/\/www.ville-celles-sur-belle.com\/","name":"Mairie de Celles-sur-Belle","description":"Belle \u00e0 investir","potentialAction":[{"@type":"SearchAction","target":{"@type":"EntryPoint","urlTemplate":"https:\/\/www.ville-celles-sur-belle.com\/?s={search_term_string}"},"query-input":"required name=search_term_string"}],"inLanguage":"en-GB"},{"@type":"WebPage","@id":"https:\/\/www.ville-celles-sur-belle.com\/tourisme-et-patrimoine\/hebergements-gites\/#webpage","url":"https:\/\/www.ville-celles-sur-belle.com\/tourisme-et-patrimoine\/hebergements-gites\/","name":"H\u00e9bergements \/ G\u00eetes - Mairie de Celles-sur-Belle","isPartOf":{"@id":"https:\/\/www.ville-celles-sur-belle.com\/#website"},"datePublished":"2020-02-03T15:51:24+00:00","dateModified":"2025-11-13T10:09:22+00:00","breadcrumb":{"@id":"https:\/\/www.ville-celles-sur-belle.com\/tourisme-et-patrimoine\/hebergements-gites\/#breadcrumb"},"inLanguage":"en-GB","potentialAction":[{"@type":"ReadAction","target":["https:\/\/www.ville-celles-sur-belle.com\/tourisme-et-patrimoine\/hebergements-gites\/"]}]},{"@type":"BreadcrumbList","@id":"https:\/\/www.ville-celles-sur-belle.com\/tourisme-et-patrimoine\/hebergements-gites\/#breadcrumb","itemListElement":[{"@type":"ListItem","position":1,"name":"Accueil","item":"https:\/\/www.ville-celles-sur-belle.com\/"},{"@type":"ListItem","position":2,"name":"Tourisme et Patrimoine","item":"https:\/\/www.ville-celles-sur-belle.com\/tourisme-et-patrimoine\/"},{"@type":"ListItem","position":3,"name":"H\u00e9bergements \/ G\u00eetes"}]}]}},"_links":{"self":[{"href":"https:\/\/www.ville-celles-sur-belle.com\/en\/wp-json\/wp\/v2\/pages\/15887"}],"collection":[{"href":"https:\/\/www.ville-celles-sur-belle.com\/en\/wp-json\/wp\/v2\/pages"}],"about":[{"href":"https:\/\/www.ville-celles-sur-belle.com\/en\/wp-json\/wp\/v2\/types\/page"}],"author":[{"embeddable":true,"href":"https:\/\/www.ville-celles-sur-belle.com\/en\/wp-json\/wp\/v2\/users\/4"}],"replies":[{"embeddable":true,"href":"https:\/\/www.ville-celles-sur-belle.com\/en\/wp-json\/wp\/v2\/comments?post=15887"}],"version-history":[{"count":44,"href":"https:\/\/www.ville-celles-sur-belle.com\/en\/wp-json\/wp\/v2\/pages\/15887\/revisions"}],"predecessor-version":[{"id":20572,"href":"https:\/\/www.ville-celles-sur-belle.com\/en\/wp-json\/wp\/v2\/pages\/15887\/revisions\/20572"}],"up":[{"embeddable":true,"href":"https:\/\/www.ville-celles-sur-belle.com\/en\/wp-json\/wp\/v2\/pages\/15669"}],"wp:attachment":[{"href":"https:\/\/www.ville-celles-sur-belle.com\/en\/wp-json\/wp\/v2\/media?parent=15887"}],"curies":[{"name":"wp","href":"https:\/\/api.w.org\/{rel}","templated":true}]}}